{"id":2809,"date":"2020-01-25T18:42:04","date_gmt":"2020-01-25T15:42:04","guid":{"rendered":"http:\/\/bolvadinsevgisi.com\/?page_id=2809"},"modified":"2020-01-25T18:42:04","modified_gmt":"2020-01-25T15:42:04","slug":"ramazan-soyaslan","status":"publish","type":"page","link":"http:\/\/bolvadinsevgisi.com\/?page_id=2809","title":{"rendered":"RAMAZAN SOYASLAN"},"content":{"rendered":"<p>[vc_row full_width=&#8221;stretch_row_content&#8221; gap=&#8221;10&#8243; css=&#8221;.vc_custom_1579879244714{margin-top: 80px !important;margin-right: 60px !important;margin-bottom: 60px !important;margin-left: 60px !important;border-right-width: 30px !important;border-bottom-width: 0px !important;border-left-width: 30px !important;}&#8221;][vc_column width=&#8221;3\/4&#8243; css=&#8221;.vc_custom_1578166650492{background-color: rgba(159,160,155,0.09) !important;*background-color: rgb(159,160,155) !important;border-radius: 15px !important;}&#8221;][vc_column_text css_animation=&#8221;fadeIn&#8221; css=&#8221;.vc_custom_1579966915611{margin-top: 10px !important;}&#8221;]<img loading=\"lazy\" class=\"alignnone size-full wp-image-2519\" src=\"http:\/\/bolvadinsevgisi.com\/wp-content\/uploads\/2020\/01\/Bolvadinin-Temel-Ta\u015flar\u0131_.jpg\" alt=\"Bolvadin'in Temel Ta\u015flar\u0131\" width=\"2159\" height=\"665\" srcset=\"http:\/\/bolvadinsevgisi.com\/wp-content\/uploads\/2020\/01\/Bolvadinin-Temel-Ta\u015flar\u0131_.jpg 2159w, http:\/\/bolvadinsevgisi.com\/wp-content\/uploads\/2020\/01\/Bolvadinin-Temel-Ta\u015flar\u0131_-300x92.jpg 300w, http:\/\/bolvadinsevgisi.com\/wp-content\/uploads\/2020\/01\/Bolvadinin-Temel-Ta\u015flar\u0131_-1024x315.jpg 1024w, http:\/\/bolvadinsevgisi.com\/wp-content\/uploads\/2020\/01\/Bolvadinin-Temel-Ta\u015flar\u0131_-768x237.jpg 768w, http:\/\/bolvadinsevgisi.com\/wp-content\/uploads\/2020\/01\/Bolvadinin-Temel-Ta\u015flar\u0131_-1536x473.jpg 1536w, http:\/\/bolvadinsevgisi.com\/wp-content\/uploads\/2020\/01\/Bolvadinin-Temel-Ta\u015flar\u0131_-2048x631.jpg 2048w\" sizes=\"(max-width: 2159px) 100vw, 2159px\" \/><\/p>\n<p>&nbsp;<\/p>\n<h2 style=\"text-align: center;\"><strong>KONYALININ RAMAZAN\u00a0 <\/strong><strong>(RAMAZAN SOYASLAN)<\/strong><\/h2>\n<p>Ramazan Soyaslan, 1916\u2019da Bolvadin\u2019in Yenice Mahallesi\u2019nde d\u00fcnyaya geliyor. Babas\u0131 Kadir, \u00e7ift\u00e7ili\u011fin yan\u0131 s\u0131ra,\u00a0 Antik Durayeri\u2019nden ve da\u011fdan mezar ta\u015flar\u0131 getirirdi. Konyal\u0131n\u0131n Ramazan\u2019\u0131n kendisinden b\u00fcy\u00fck \u00fc\u00e7 k\u0131z, bir de o\u011flan karde\u015fi var. O\u011flan karde\u015fi Mevl\u00fct, Balkan Sava\u015f\u0131\u2019nda \u015fehit oluyor. K\u0131z karde\u015flerinin kocalar\u0131 da \u015fehit oluyor. D\u00f6rt ya\u015f\u0131nda iken de babas\u0131 vefat ediyor. Ablalar\u0131 ve annesi taraf\u0131ndan <strong>\u201cOca\u011f\u0131m\u0131z\u0131 bu t\u00fctt\u00fcrecek\u201d<\/strong> diye \u00e7ok nazl\u0131 ve k\u0131ymetli b\u00fcy\u00fct\u00fcyorlar.<\/p>\n<p><img loading=\"lazy\" class=\"wp-image-2810 alignleft\" src=\"http:\/\/bolvadinsevgisi.com\/wp-content\/uploads\/2020\/01\/RAMAZAN-SOYASLAN.jpg\" alt=\"\" width=\"181\" height=\"243\" srcset=\"http:\/\/bolvadinsevgisi.com\/wp-content\/uploads\/2020\/01\/RAMAZAN-SOYASLAN.jpg 371w, http:\/\/bolvadinsevgisi.com\/wp-content\/uploads\/2020\/01\/RAMAZAN-SOYASLAN-223x300.jpg 223w\" sizes=\"(max-width: 181px) 100vw, 181px\" \/>\u00a0\u00a0 \u00a0Ramazan Soyaslan; orta boylu, t\u0131knaz, yava\u015f y\u00fcr\u00fcyen birisi idi. Sinirli bir ruh hali vard\u0131. D\u00fc\u015fk\u00fcne, yoksula, yard\u0131m elini uzat\u0131rd\u0131. Kimseye beddua etmez, beddua edene de k\u0131zard\u0131. K\u00fc\u00e7\u00fck ya\u015flardan itibaren esnafl\u0131k yapm\u0131\u015f, il\u00e7emizin say\u0131l\u0131 manavlar\u0131 aras\u0131na girmi\u015ftir.<\/p>\n<p><strong>\u00a0\u00a0 OKUL \u00a0\u00c7A\u011eLARI<\/strong><\/p>\n<p>Okul \u00e7a\u011f\u0131na gelen k\u00fc\u00e7\u00fck Ramazan, Bah\u00e7e Okulu\u2019nda \u00f6\u011frenimine ba\u015flar. \u0130lk \u00fc\u00e7 sene burada okuduktan sonra Ak\u00e7e\u015fme Okulu\u2019na gitmesi gerekmektedir. Oraya gitmez ve okulu b\u0131rak\u0131r. O g\u00fcn\u00fcn \u015fartlar\u0131nda her \u00e7ocuk, bir esnaf d\u00fckkan\u0131na \u00e7\u0131rak olarak girmektedir. Kar\u015f\u0131 kom\u015fular\u0131 ve arkada\u015f\u0131 olan Efenin Kadir (Ak\u00e7a) ile birlikte i\u015f ararlar. O zaman Bursa\u2019dan, araba yap\u0131m i\u015fleri i\u00e7in araba ustalar\u0131 geliyor. \u0130kisi de, onlar\u0131n birisine \u00e7\u0131rak olarak girerler. \u0130\u015fe ba\u015flad\u0131\u011f\u0131n\u0131n be\u015finci ay\u0131nda aya\u011f\u0131na k\u0131zg\u0131n demiri d\u00fc\u015f\u00fcr\u00fcr. Ustas\u0131 hemen bir miktar zeytini ezerek yan\u0131k yerin \u00fczerine s\u00fcrer ve yaray\u0131 sar\u0131p, istirahat etmesi i\u00e7in evlerine g\u00f6nderir. O\u011flunun o vaziyetini g\u00f6ren annesi, \u201cbiricik o\u011flan\u201d diyerek o\u011fluna k\u0131yamaz ve bir daha da demirciye g\u00f6ndermez.<\/p>\n<p><strong>\u00a0\u00a0 AL\u0130 \u0130HSAN S\u00c2B\u0130S PA\u015eA<\/strong><\/p>\n<p>Tarihimize bakt\u0131\u011f\u0131m\u0131zda, pek \u00e7ok milletin T\u00fcrk\u2019e d\u00fc\u015fmanl\u0131\u011f\u0131n\u0131, onu yok etmek i\u00e7in ellerinden geleni yapt\u0131klar\u0131n\u0131 g\u00f6r\u00fcyoruz. Bu y\u00fczden, T\u00fcrkl\u00fck ve \u0130slam d\u00fc\u015fmanlar\u0131n\u0131n sald\u0131r\u0131s\u0131na devaml\u0131 u\u011fram\u0131\u015f\u0131z. En son olarak, T\u00fcrkl\u00fc\u011f\u00fcn son kalesi olan g\u00fczel memleketimiz elimizden al\u0131nmak istenmi\u015ftir. D\u00fc\u015fmanlarla giri\u015filen bu sava\u015flar, askerimizi kumanda eden komutanlar\u0131m\u0131z sayesinde zaferlerle sonu\u00e7lanm\u0131\u015ft\u0131r. Mustafa Kemal Pa\u015fa, askeri deh\u00e2s\u0131yla yurdun kurtar\u0131lmas\u0131nda \u00fcst\u00fcn rol oynam\u0131\u015ft\u0131r. Tarih kitaplar\u0131nda adlar\u0131na fazla yer verilmeyen baz\u0131 pa\u015falar\u0131m\u0131z, topraklar\u0131m\u0131z\u0131n korunmas\u0131nda veya zafer kazan\u0131lmas\u0131nda, \u00fcst\u00fcn gayretler g\u00f6stermi\u015flerdir. Fevzi Pa\u015fa (\u00c7AKMAK), Kaz\u0131m Karabekir Pa\u015fa, Afyon ve Bolvadin\u2019in kurtulu\u015funda b\u00fcy\u00fck emekleri olan Kemalettin Sami Pa\u015fa, Ali \u0130hsan Pa\u015fa (SAB\u0130S), Yakup \u015eevki Pa\u015fa ve Re\u015fat Pa\u015fa, kahramanl\u0131k g\u00f6stermede di\u011fer komutanlardan a\u015fa\u011f\u0131 kalmam\u0131\u015flard\u0131r. Ancak y\u00fcz y\u0131l sonra ad\u0131n\u0131 hat\u0131rlayabildi\u011fimiz <strong>\u201c\u00c7\u00f6l Kaplan\u0131\u201d \u201cMedine Kahraman\u0131\u201d<\/strong> adlar\u0131yla an\u0131lan Fahrettin Pa\u015fa vard\u0131r. \u0130ngilizlerle bir olup, Araplar\u2019\u0131 Osmanl\u0131\u2019ya kar\u015f\u0131 k\u0131\u015fk\u0131rtan \u015eerif H\u00fcseyin\u2019e kar\u015f\u0131 iki y\u0131l yedi ay, Medine\u2019yi savunmu\u015f ve <strong>\u201cMedine Kalesi\u2019nden T\u00fcrk bayra\u011f\u0131n\u0131 kendi elimle indiremem!\u201d<\/strong> diyerek \u015fehri teslim etmemi\u015f ve teslim olmam\u0131\u015ft\u0131r.<\/p>\n<p>\u0130\u015fte bu kahramanlardan birisi de, Birinci Ordu Kararg\u00e2h\u0131n\u0131 olu\u015fturan ve Bolvadin\u2019e sevki i\u015fleriyle u\u011fra\u015fan Ali \u0130hsan SAB\u0130S Pa\u015fa\u2019d\u0131r. Kurtulu\u015f Sava\u015f\u0131\u2019nda b\u00fcy\u00fck yararl\u0131l\u0131klar g\u00f6stermi\u015f ve \u0130smet Pa\u015fa\u2019yla fikir ayr\u0131l\u0131\u011f\u0131na d\u00fc\u015ft\u00fc\u011f\u00fc i\u00e7in, sava\u015flar bitince 1922\u2019de emekliye sevk edilmi\u015ftir.<\/p>\n<p><strong>S\u00dcNNET \u00a0\u00c7OCU\u011eU<\/strong><\/p>\n<p>Ali \u0130hsan Pa\u015fa; mertli\u011fi, kahramanl\u0131\u011f\u0131, merhametlili\u011fi, vatan\u0131n\u0131 \u00e7ok sevmesiyle bilinen komutand\u0131r. Sava\u015f s\u0131ras\u0131nda Afyon\u2019un k\u00f6ylerini, Bolvadin\u2019i ve \u00e7evresini \u00e7ok iyi tan\u0131m\u0131\u015ft\u0131r. Orada \u00e7ekilen s\u0131k\u0131nt\u0131lar\u0131, yoksulluklar\u0131, peri\u015fanl\u0131klar\u0131 ya\u015fam\u0131\u015f ve g\u00f6rm\u00fc\u015ft\u00fcr. Yurt, d\u00fc\u015fmandan kurtar\u0131ld\u0131ktan sonraki emeklilik d\u00f6nemini de, vatan evlatlar\u0131na hizmet i\u00e7in ge\u00e7irmi\u015ftir. 1923 y\u0131l\u0131ndan itibaren, Afyon-Bolvadin \u00e7evresini gezerek, halk\u0131n s\u0131k\u0131nt\u0131lar\u0131n\u0131 gidermek i\u00e7in gayret etmi\u015ftir. Bilhassa, sava\u015flar s\u0131ras\u0131nda \u015fehit olan ki\u015filerin yetim \u00e7ocuklar\u0131n\u0131 s\u00fcnnet ettirmi\u015ftir.<\/p>\n<p>1923 y\u0131l\u0131n\u0131n A\u011fustos ay\u0131\u2026Harman yerlerinde \u00e7ift\u00e7iler ekinlerinin i\u015fleriyle u\u011fra\u015f\u0131yorlar. Yedi ya\u015f\u0131nda olan k\u00fc\u00e7\u00fck Ramazan evlerinin \u00f6n\u00fcnde arkada\u015flar\u0131yla oynuyor. Bu arada evlerinin \u00f6n\u00fcnden, davulcu zurnac\u0131 ve arkas\u0131nda bir s\u00fcr\u00fc \u00e7ocuk ge\u00e7iyor. Davulcu, bir ara davul sesini kesip: <strong>\u201cEy Ahali!&#8230;Yetim ve fukara \u00e7ocuklar\u0131 harman yerinde s\u00fcnnet edilecek. Bu ki\u015filer \u00e7ocuklar\u0131n\u0131 getirsinler!\u201d<\/strong> diye ba\u011f\u0131r\u0131r. Analar\u0131, bu t\u00fcr \u00e7ocuklar\u0131n\u0131 ellerinden tutup g\u00f6t\u00fcr\u00fcrler. Ramazan da, bu davulcunun pe\u015fine tak\u0131l\u0131p harman yerine gider. Orada \u00e7ad\u0131rlar kurulmu\u015f; kazanlarda pilavlar pi\u015firilmi\u015f; \u015fenlik yeri haline gelmi\u015f. S\u00fcnnet ba\u015flad\u0131\u011f\u0131nda Ramazan, di\u011fer arkada\u015flar\u0131n\u0131n s\u00fcnnet oldu\u011funu g\u00f6r\u00fcnce, s\u00fcnnet olaca\u011f\u0131n\u0131 s\u00f6yler. Bu da s\u00fcnnet olur ve g\u00f6t\u00fcr\u00fcp \u00e7ad\u0131ra yat\u0131r\u0131rlar. Ak\u015fam olup Ramazan eve gelmeyince annesi, \u00e7ocu\u011fun halas\u0131nda yataca\u011f\u0131n\u0131 zanneder ve aramaz. Ertesi g\u00fcn \u00f6\u011fleye do\u011fru Ramazan, g.t\u00fc-ba\u015f\u0131 a\u00e7\u0131k; bir elinde donu, apalaya apalaya eve \u00e7\u0131kagelir. Anas\u0131 bunun bu halini g\u00f6r\u00fcnce a\u011flar ve hemen yere yatak sererek \u00e7ocu\u011fu yat\u0131r\u0131r. Ertesi g\u00fcn, \u00e7ocu\u011fun s\u00fcnnetine kesmek i\u00e7in besledi\u011fi ke\u00e7iyi kestirir ve yemekli mevlidini yapar.<\/p>\n<p>Ancak unutulmamal\u0131d\u0131r ki, hi\u00e7 kimse kimsesiz de\u011fildir. Kimsesiz gibi g\u00f6r\u00fcnenlerin bir kimsesi vard\u0131r. \u00c7al\u0131\u015fmay\u0131 elden b\u0131rakmadan kimsesizlerin kimsesine dua edelim.<\/p>\n<p><strong>\u00a0\u00a0 G\u00dcVERC\u0130N \u00a0MERAKI<\/strong><\/p>\n<p>\u00c7ok ki\u015finin, yapt\u0131\u011f\u0131 i\u015fin haricinde zevk i\u00e7in yapt\u0131\u011f\u0131 i\u015fler vard\u0131r. Kimisi top oynamay\u0131, kimisi tavuk k\u00f6pek beslemeyi, kimisi de \u00e7i\u00e7ek yeti\u015ftirmeyi sever. Konyal\u0131n\u0131n Ramazan\u2019\u0131n ablas\u0131, \u00c7engeller\u2019e gelin gider. \u00c7engeller\u2019in \u00e7iftlikleri var. \u00c7iftlik, ye\u015fillikler i\u00e7inde, ar\u0131 kovanlar\u0131n\u0131n oldu\u011fu, her t\u00fcrl\u00fc k\u00fcmes hayvan\u0131n\u0131n bulundu\u011fu bir yer\u2026Birka\u00e7 bin koyun ve s\u0131\u011f\u0131r da var. Ablas\u0131 bir g\u00fcn, Ramazan\u2019\u0131 gezmesi i\u00e7in \u00e7iftli\u011fe g\u00f6t\u00fcr\u00fcr. Ata biner, e\u015fe\u011fe biner. Orada g\u00fcvercinler de vard\u0131r. Onlarla ilgilenir ve \u00e7ok sever. Birka\u00e7 g\u00fcn orada kald\u0131ktan sonra evine d\u00f6nerken, ablas\u0131 bir \u00e7ift g\u00fcvercin verir.<\/p>\n<p>Evleri d\u00fcz daml\u0131 olup <strong>\u201cayak dam\u0131\u201d<\/strong> dedi\u011fimiz damda gezinti yeri vard\u0131r. Oraya hemen bir k\u00fcmes yap\u0131p g\u00fcvercinleri koyar. Zamanla g\u00fcvercinler \u00e7o\u011fal\u0131r. Yaln\u0131z bir sorun vard\u0131r. Evin kedisi g\u00fcvercinleri tutup yemektedir. <strong>\u201cA\u011f\u0131lda o\u011flak do\u011fsa, ovada otu biter.\u201d<\/strong> Kedinin r\u0131zk\u0131 aya\u011f\u0131na gelmi\u015ftir. Kendi kedileri oldu\u011fu i\u00e7in bir \u015fey de yapamamaktad\u0131r. Bunu engellemek i\u00e7in d\u00fc\u015f\u00fcn\u00fcr ta\u015f\u0131n\u0131r ve do\u011fru \u00e7ar\u015f\u0131ya gidip Bakkal KABAYEL\u2019den biraz katran al\u0131r. \u0130ki tane de cevizi, tam ortadan ikiye ay\u0131r\u0131p i\u00e7lerini bo\u015falt\u0131r. Bir kapta eritti\u011fi katran\u0131 ceviz kabuklar\u0131n\u0131n i\u00e7ine d\u00f6ker. Katran donmaya ba\u015flay\u0131nca, kedinin ayaklar\u0131n\u0131 bunlar\u0131n i\u00e7ine bat\u0131r\u0131r. Kedinin ayaklar\u0131 ceviz kabu\u011funun i\u00e7ine yap\u0131\u015fm\u0131\u015f ve donmu\u015ftur. Kediyi b\u0131rak\u0131r. Bir insan nas\u0131l n\u00e2nil (nal\u0131n) giyer de y\u00fcr\u00fcd\u00fc\u011f\u00fc yerde <strong>\u201ctak\u0131duk, tukuduk\u201d<\/strong> ses \u00e7\u0131kart\u0131rsa, kedi de y\u00fcr\u00fcd\u00fc\u011f\u00fc yerde b\u00f6yle ses \u00e7\u0131kartmaya ba\u015flar. Garip kedi neye u\u011frad\u0131\u011f\u0131n\u0131 \u015fa\u015f\u0131r\u0131r. Ramazan\u2019\u0131n amac\u0131, o sesi duyan g\u00fcvercinlerin ka\u00e7mas\u0131 i\u00e7indir. Tilkiden kurnaz\u0131 yok ama pazar onun postuyla dolu. Kedinin bu halini g\u00f6ren annesi \u00e7ok \u00fcz\u00fcl\u00fcr ve: <strong>\u201cO\u011flum, <\/strong>\u2018<strong>bir<\/strong>\u2019<strong> oldun,<\/strong> \u2018<strong>p\u00eer<\/strong>\u2019<strong> oldun!.\u201d<\/strong> der. Merhamet her zaman intikamdan daha de\u011ferlidir.<\/p>\n<p><strong>SEPET SEPET YUMURTA<\/strong><\/p>\n<p>Bolvadin\u2019in k\u00f6ylerinin \u00e7ok oldu\u011fu d\u00f6nemlerde; y\u00fcn, tiftik, yumurta gibi ihtiya\u00e7 maddeleri \u015fehir d\u0131\u015f\u0131na g\u00f6nderilirdi. B\u00fct\u00fcn bakkallar, halktan yumurta sat\u0131n al\u0131rlard\u0131. Bakkallar taraf\u0131ndan toplanan yumurtalar <strong>\u201cb\u00fcy\u00fck esnaf\u201d<\/strong> denilen, \u015fimdikinin marketi durumundaki bakkallara verilirdi.<\/p>\n<p>Annesi, yeti\u015fkin \u00e7a\u011f\u0131na gelen Ramazan\u2019\u0131n eline bir sepet verir ve mahallelerden yumurta toplamas\u0131n\u0131 s\u00f6yler. Sepetin kenar\u0131na renkli renkli \u00e7izi \u015fekerleri s\u0131ralar. Ak\u015fama kadar \u015feker kar\u015f\u0131l\u0131\u011f\u0131 veya para kar\u015f\u0131l\u0131\u011f\u0131 toplad\u0131\u011f\u0131 yumurtalar\u0131, toptanc\u0131 olan Telliler\u2019in Basri\u2019ye g\u00f6t\u00fcr\u00fcp verir. Ana-o\u011fulun g\u00fcnl\u00fck mutfak masraflar\u0131 \u00e7\u0131kmaktad\u0131r. Bunun \u00e7al\u0131\u015fkanl\u0131\u011f\u0131n\u0131 ve d\u00fcr\u00fcstl\u00fc\u011f\u00fcn\u00fc g\u00f6ren Basri Telli, k\u00f6ylere de gitmesini teklif eder. E\u015fe\u011fin iki taraf\u0131na k\u00fcfe koyup yola \u00e7\u0131kar. Giderken har\u0131p, i\u011fde, d\u00f6ngel, \u00e7izi \u015feker de g\u00f6t\u00fcr\u00fcr. Ayr\u0131ca, <strong>\u201cip boyas\u0131\u201d<\/strong> denilen, \u00e7orap \u00f6r\u00fclecek y\u00fcnlerin nak\u0131\u015f\u0131 i\u00e7in renkli boyalar verir. Yumurta kar\u015f\u0131l\u0131\u011f\u0131 boyayla takas eder. Birka\u00e7 g\u00fcn i\u00e7inde k\u00fcfelere yumurtalar\u0131 doldurur, gelir.<\/p>\n<p><strong>AFYON\u00a0 SAKIZI<\/strong><\/p>\n<p>Anadolu\u2019da ha\u015fha\u015f bitkisinin Hititler\u2019den beri ekildi\u011fini biliyoruz. Ha\u015fha\u015f\u0131n kabu\u011funun \u00e7izilmesi sonucu \u00e7\u0131kar\u0131lan beyaz s\u0131v\u0131ya <strong>\u201cAfyon Sak\u0131z\u0131\u201d<\/strong> ad\u0131 verilir. G\u00fcn\u00fcm\u00fczde kulland\u0131\u011f\u0131m\u0131z pek \u00e7ok a\u011fr\u0131 kesici ila\u00e7lar\u0131n i\u00e7erisinde, i\u015flenmi\u015f afyon sak\u0131z\u0131 vard\u0131r. Ha\u015fha\u015f, T\u00fcrkiye\u2019de en \u00e7ok Afyonkarahisar b\u00f6lgesinde yeti\u015ftirilmektedir. 1974 y\u0131l\u0131ndan sonra ha\u015fha\u015f kaps\u00fcl\u00fc \u00e7izimi yasaklanm\u0131\u015f ve kabu\u011funda kalan hammadde, fabrikada i\u015flenerek \u00e7\u0131kar\u0131lmaktad\u0131r. Pek \u00e7ok \u00fclkede uyu\u015fturucu madde olarak kullan\u0131lmaktad\u0131r. Afyon bitkisini ekip de ba\u011f\u0131ml\u0131s\u0131 olmayan tek millet biziz\u2026<\/p>\n<p>Bolvadin ve \u00e7evresinde, ha\u015fha\u015f kaps\u00fcl\u00fc \u00e7izimi yasaklanmadan \u00f6nce, herkes afyon sak\u0131z\u0131n\u0131 kendi \u00e7izip \u00e7\u0131kar\u0131rd\u0131. Ye\u015fil halde iken kaps\u00fcl\u00fcn \u00fcst\u00fc \u00e7izilir, kaps\u00fcl\u00fcn \u00fczerine akan s\u0131v\u0131 bir m\u00fcddet sonra donar ve a\u00e7\u0131k kahverengi bir durum al\u0131rd\u0131. Daha sonra bu s\u0131v\u0131 aletlerle toplan\u0131p top haline getirilir, \u00fczerine ha\u015fha\u015f yapra\u011f\u0131 sar\u0131l\u0131rd\u0131. \u00c7ar\u015f\u0131da bu sak\u0131z\u0131 alan esnaflar vard\u0131. Bunlar: Atomlar, Gemiciler, Telliler, Muharrem K\u00f6seer, Himmet Karaca, Ra\u015fit Karya\u011fd\u0131, Ali C\u00f6mert\u2026<\/p>\n<p>Ramazan Soyaslan\u2019\u0131n, Erkmen\u2019de babadan kalma bah\u00e7esi var. Oraya, <strong>\u201c\u0130ki orta\u011f\u0131n aras\u0131na Allah bereketini de kor.\u201d<\/strong> d\u00fc\u015f\u00fcncesiyle, Dibevli Abdurrahman\u2019la birlikte ha\u015fha\u015f ekerler. \u0130ki sene mahsul iyi olur ve para biriktirir. On yedi ya\u015f\u0131na gelince, ablalar\u0131 <strong>\u201cEverelim, m\u00fcr\u00fcvvetini g\u00f6relim.\u201d<\/strong> diyerek evlendirirler. Do\u011fan ilk d\u00f6rt \u00e7ocuklar\u0131 \u00f6l\u00fcr. Sonradan iki k\u0131z, iki o\u011flu daha olur. O\u011flu Ziya memur emeklisi, di\u011fer o\u011flu Kadir ise esnafl\u0131ktan emekli\u2026<\/p>\n<p><strong>\u00a0\u00a0 PATATES \u2013 SO\u011eAN<\/strong><\/p>\n<p>Konyal\u0131n\u0131n Ramazan, askerlik sonras\u0131 memleketine d\u00f6ner ve \u00c7ar\u015f\u0131 Camii \u00f6n\u00fcnde seyyar sebzecilik yapmaya ba\u015flar. Daha sonralar\u0131 patates ve so\u011fana a\u011f\u0131rl\u0131k verir. Bundan 150 sene \u00f6nce, T\u00fcrkiye\u2019de patates bilinmiyordu. 1853 y\u0131l\u0131nda, Kafkasya B\u00f6lgesi\u2019nden Do\u011fu Karadeniz\u2019e getirilip ekimi yap\u0131ld\u0131. Daha sonra Sakarya Vadisi\u2019ne ekimi yap\u0131ld\u0131. Sonradan t\u00fcm T\u00fcrkiye\u2019ye yay\u0131ld\u0131. Anavatan\u0131 \u015eili ve Arjantin olup, pek \u00e7ok \u00e7e\u015fidi vard\u0131r. \u00d6nceden \u00e7ift\u00e7iler, bah\u00e7esine kendi yiyece\u011fi kadar patates ekerlerdi. Tarla halinde patates ekilmezdi. Bu y\u00fczden, Bolvadin\u2019in patates ihtiyac\u0131 genellikle Adapazar\u0131 taraf\u0131ndan gelirdi. \u015eimdi tar\u0131m makinelerinin geli\u015fmesiyle, T\u00fcrkiye\u2019nin her taraf\u0131na \u015euhut-Bolvadin patatesleri g\u00f6nderiliyor.<\/p>\n<p>Konyal\u0131n\u0131n Ramazan da, patatesi so\u011fan\u0131 Adapazar\u0131\u2019ndan trenle getiriyor. Bir vagon dolusu kadar ald\u0131\u011f\u0131 patatesi getirip pazarl\u0131yor. \u0130\u015fleri iyi giderken, gene bir vagon dolusu patatesi y\u00fckler. Tren yolda gelirken alev al\u0131r ve patatesler yanar. Devlet, masraf\u0131 iki sene sonra \u00f6der. Karpuz da, Ayd\u0131n taraf\u0131ndan gene trenle gelmektedir. S\u0131cak bir yaz g\u00fcn\u00fc bir vagon dolusu karpuz al\u0131r ve trene y\u00fckler. Tren gecikmeli olarak be\u015f g\u00fcnde gelir. O karpuzlar da s\u0131caktan m\u0131nc\u0131d\u0131\u011f\u0131 i\u00e7in satamaz ve ondan da zarar eder. A\u011f\u0131l\u00f6n\u00fc taraflar\u0131na \u00e7ok kavun ekilirdi. Oradan her sene, peygamber pazarl\u0131\u011f\u0131 tarla mahsul\u00fcn\u00fc sat\u0131n al\u0131r. <strong>\u201cPeygamber pazarl\u0131\u011f\u0131ndan \u00e7ok bereket buldum, \u00e7ok para kazand\u0131m.\u201d<\/strong> der.<\/p>\n<p><strong>G\u00d6KBEDEN\u0130N \u00a0AL\u0130<\/strong><\/p>\n<p>Her \u015fehirde, akl\u00ee melekelerini yitirmi\u015f ki\u015filer vard\u0131r. Toplum bu ki\u015filere sahip \u00e7\u0131kar; onlar\u0131 kollar; g\u00f6zetir. Bolvadin\u2019de de kimseye zararlar\u0131 dokunmayan; G\u00f6kbedenin Ali, Celal, Abdurrahman gibi meczup ki\u015filer vard\u0131. Ramazan Soyaslan, bu t\u00fcr ki\u015fileri devaml\u0131 kollar; arada evine getirip kar\u0131nlar\u0131n\u0131 doyurur; ihtiya\u00e7lar\u0131n\u0131 giderir.<\/p>\n<p>1985 y\u0131l\u0131n\u0131n Kas\u0131m Ay\u0131\u2026Manav Ramazan, Ak\u015fehir\u2019de bir kelem (lahana) tarlas\u0131 sat\u0131n al\u0131r. Tarlaya kamyon girememektedir. Toplad\u0131\u011f\u0131 kelemleri bir trakt\u00f6re y\u00fckleyerek Nasrettin Hoca T\u00fcrbesi\u2019nin \u00f6n\u00fcndeki bo\u015f araziye indirir. \u201cParam Bolvadinli\u2019ye nasip olsun.\u201d d\u00fc\u015f\u00fcncesiyle, kelemleri ta\u015f\u0131mak i\u00e7in Bolvadin\u2019e gelip kamyon arar fakat bulamaz. Ertesi g\u00fcn getirmek d\u00fc\u015f\u00fcncesiyle evine giderken, G\u00f6kbedenin Ali\u2019yi g\u00f6r\u00fcr. G\u00f6kbedenin Ali, \u00f6nceden kundura ustas\u0131 iken, sonradan meczup olmu\u015f bir ki\u015fidir. Onu da yan\u0131na alarak evine g\u00f6t\u00fcr\u00fcr. Ak\u015fam yemeklerini yiyip \u00e7aylar\u0131n\u0131 i\u00e7tikten sonra Ali gitmek ister. Ak\u015famleyin hava bozmu\u015f ve tipi \u00e7\u0131km\u0131\u015ft\u0131r. Manav Ramazan, hava so\u011fudu d\u00fc\u015f\u00fcncesiyle Ali\u2019yi b\u0131rakmaz, sabah gitmesini s\u00f6yler. \u00d6b\u00fcr odan\u0131n sobas\u0131n\u0131 yakarak Ali\u2019yi yat\u0131r\u0131r. Kendisi de \u00e7ocuklar\u0131yla birlikte di\u011fer odada uykuya dalar.<\/p>\n<p>Sabah uyand\u0131\u011f\u0131nda her taraf bembeyaz olmu\u015ftur ve d\u0131\u015far\u0131da so\u011fuk ve yar\u0131m metre kar\u2026Lahana da, so\u011fu\u011fa kar\u015f\u0131 dayan\u0131ks\u0131z olan, \u00e7abuk donan bir sebzedir. <strong>\u201cEyvah! Gitti bizim kelemler, mahvoldum!..\u201d<\/strong> diyerek, ba\u015f\u0131n\u0131 iki elinin aras\u0131na al\u0131p d\u00fc\u015f\u00fcnmeye ba\u015flar. Bunun \u00fcz\u00fcnt\u00fcl\u00fc halini g\u00f6ren G\u00f6kbedenin Ali: <strong>\u201cHi\u00e7 korkma! H\u0131d\u0131rl\u0131k\u2019tan indiler, senin kelemlerin \u00fczerine has\u0131r \u00f6rtt\u00fcler.\u201d<\/strong> der. O g\u00fcn yollar kapal\u0131 oldu\u011fu i\u00e7in, Ak\u015fehir\u2019e gidemez. \u00a0Ertesi g\u00fcn kamyon tutar; \u015eof\u00f6r Boyac\u0131 Ahmet (\u0130nci), Z\u00fcht\u00fc Taktak, G\u00f6kbedenin Ali\u2019nin yan\u0131 s\u0131ra, o\u011flu Kadir\u2019i de yan\u0131na alarak Ak\u015fehir\u2019e giderler. Vard\u0131klar\u0131nda bakarlar ki, kelemlerin \u00fcst\u00fc kar ile kaplanm\u0131\u015f. Karlar\u0131 temizlediklerinde g\u00f6zlerine inanamazlar. Kar, kelemlerin \u00fczerini yorgan gibi \u00f6rtm\u00fc\u015f, onlar\u0131n donmas\u0131n\u0131 \u00f6nlemi\u015f. Manav Ramazan G\u00f6kbedenin Ali\u2019ye: <strong>\u201cUlen Ali A\u011fa! Senin kalp g\u00f6z\u00fcn a\u00e7\u0131k, dedi\u011fin \u00e7\u0131kt\u0131!\u201d<\/strong> der ve kelemleri kamyona y\u00fckleyip ne\u015fe i\u00e7inde Bolvadin\u2019e d\u00f6nerler. Bolvadin\u2019e gelince, bunlar\u0131 hemen bir lokantaya g\u00f6t\u00fcr\u00fcp kar\u0131nlar\u0131n\u0131 doyurur. Bu memleketin delisi de evliya, vel\u00eesi de evliya\u2026<\/p>\n<p><strong>ERMEN\u0130 \u00a0MEZAL\u0130M\u0130<\/strong><\/p>\n<p>Tarih sayfalar\u0131n\u0131 kar\u0131\u015ft\u0131rd\u0131\u011f\u0131m\u0131zda, Ermeniler\u2019in T\u00fcrkler\u2019e b\u00fcy\u00fck d\u00fc\u015fmanl\u0131k beslediklerini, i\u015fkence, zul\u00fcm ve katliamlar yapt\u0131\u011f\u0131n\u0131 g\u00f6r\u00fcyoruz. 1913-1915 y\u0131llar\u0131nda, Do\u011fu illerimizde Ermeniler\u2019in yapt\u0131\u011f\u0131 katliamlara \u015fahit oluyoruz.<\/p>\n<p>Ramazan Soyaslan\u2019\u0131n askerli\u011fi Kars-G\u00f6le\u2019ye \u00e7\u0131kar. D\u00f6rt senelik askerli\u011fi s\u0131ras\u0131nda ancak bir kere izne gidebilir. S\u00fcvari birli\u011findedir. Oradaki g\u00f6revlerinden birisi de, atlar\u0131n bak\u0131m\u0131n\u0131 yapmak ve \u00e7ay\u0131rda yaymakt\u0131r. Bir g\u00fcn atlar\u0131 yayarken, ya\u015fl\u0131 bir kad\u0131n\u0131n, yerlerden kurumu\u015f hayvan d\u0131\u015fk\u0131s\u0131 olan tezek toplad\u0131\u011f\u0131n\u0131 g\u00f6r\u00fcr. Kad\u0131n toplad\u0131\u011f\u0131 tezekleri \u00e7uvala doldurur ve yan\u0131nda getirdi\u011fi e\u015fe\u011fin \u00fczerine y\u00fcklemek ister fakat kald\u0131ramaz. Bunu g\u00f6ren Ramazan, hemen ko\u015farak \u00e7uval\u0131 kucaklar ve e\u015fe\u011fe y\u00fckler. Kad\u0131n \u00e7ok memnun olur. \u0130yili\u011fin kar\u015f\u0131l\u0131\u011f\u0131n\u0131 vermek i\u00e7in hemen heybesindeki arpa ekme\u011finden biraz kopar\u0131p verirken ad\u0131n\u0131 sorar. <strong>\u201cRamazan\u201d<\/strong> ad\u0131n\u0131 duyunca a\u011flamaya ba\u015flar. Ermeniler\u2019in k\u00f6ye bask\u0131n yapt\u0131\u011f\u0131n\u0131, o\u011flunu \u00f6ld\u00fcrd\u00fcklerini, o\u011flunun ad\u0131n\u0131n da \u201cRamazan\u201d oldu\u011funu, kendisini de \u00f6ld\u00fc zannettikleri i\u00e7in b\u0131rakt\u0131klar\u0131n\u0131 anlat\u0131r. Ramazan bu olaydan \u00e7ok etkilenir. Di\u011fer g\u00fcnler kad\u0131n geldi\u011finde ona devaml\u0131 yard\u0131mc\u0131 olur.<\/p>\n<p><strong>VEFATI<\/strong><\/p>\n<p>Ramazan A\u011fa hastalan\u0131r. \u00c7ocuklar\u0131na: <strong>\u201cBenim kimseye borcum yok. Baban\u0131n borcu vard\u0131, diye gelen olursa inanmay\u0131n.\u201d <\/strong>der. \u0130ki g\u00fcn hasta yatt\u0131ktan sonra, 12 Temmuz 1997 Cumartesi g\u00fcn\u00fc seksen bir ya\u015f\u0131nda iken vefat eder. Allah gani gani rahmet eylesin\u2026 Ruhuna Fatiha\u2026<\/p>\n<p><strong><em>N. Sait EK\u0130C\u0130<\/em><\/strong>[\/vc_column_text][\/vc_column][vc_column css_animation=&#8221;fadeInUp&#8221; width=&#8221;1\/4&#8243; css=&#8221;.vc_custom_1578166613299{background-color: #eaeaea !important;border-radius: 15px !important;}&#8221;][vc_widget_sidebar sidebar_id=&#8221;cs-1&#8243;][\/vc_column][\/vc_row]<\/p>\n","protected":false},"excerpt":{"rendered":"<p>[vc_row full_width=&#8221;stretch_row_content&#8221; gap=&#8221;10&#8243; css=&#8221;.vc_custom_1579879244714{margin-top: 80px !important;margin-right: 60px !important;margin-bottom: 60px !important;margin-left: 60px !important;border-right-width: 30px !important;border-bottom-width: 0px !important;border-left-width: 30px !important;}&#8221;][vc_column width=&#8221;3\/4&#8243; css=&#8221;.vc_custom_1578166650492{background-color: rgba(159,160,155,0.09) !important;*background-color: rgb(159,160,155) !important;border-radius: 15px !important;}&#8221;][vc_column_text css_animation=&#8221;fadeIn&#8221; css=&#8221;.vc_custom_1579966915611{margin-top: 10px !important;}&#8221;] &nbsp; KONYALININ RAMAZAN\u00a0 (RAMAZAN SOYASLAN) Ramazan Soyaslan, 1916\u2019da Bolvadin\u2019in Yenice Mahallesi\u2019nde d\u00fcnyaya geliyor. Babas\u0131 Kadir, \u00e7ift\u00e7ili\u011fin yan\u0131 s\u0131ra,\u00a0 Antik Durayeri\u2019nden ve da\u011fdan mezar ta\u015flar\u0131 getirirdi. [&hellip;]<\/p>\n","protected":false},"author":1,"featured_media":0,"parent":0,"menu_order":0,"comment_status":"closed","ping_status":"closed","template":"","meta":[],"yoast_head":"<!-- This site is optimized with the Yoast SEO plugin v15.3 - https:\/\/yoast.com\/wordpress\/plugins\/seo\/ -->\n<title>RAMAZAN SOYASLAN - Bolvadin Sevgisi<\/title>\n<meta name=\"description\" content=\"Bolvadin Sevgisi sitesi olarak Bolvadin&#039;in tarihi, k\u00fclt\u00fcr\u00fc, adetleri, gelenekleri, nostaljik foto\u011fraflar\u0131, gezilecek yerleri.. N Sait EK\u0130C\u0130\" \/>\n<meta name=\"robots\" content=\"index, follow, max-snippet:-1, max-image-preview:large, max-video-preview:-1\" \/>\n<link rel=\"canonical\" href=\"http:\/\/bolvadinsevgisi.com\/?page_id=2809\" \/>\n<meta property=\"og:locale\" content=\"tr_TR\" \/>\n<meta property=\"og:type\" content=\"article\" \/>\n<meta property=\"og:title\" content=\"RAMAZAN SOYASLAN - Bolvadin Sevgisi\" \/>\n<meta property=\"og:description\" content=\"Bolvadin Sevgisi sitesi olarak Bolvadin&#039;in tarihi, k\u00fclt\u00fcr\u00fc, adetleri, gelenekleri, nostaljik foto\u011fraflar\u0131, gezilecek yerleri.. N Sait EK\u0130C\u0130\" \/>\n<meta property=\"og:url\" content=\"http:\/\/bolvadinsevgisi.com\/?page_id=2809\" \/>\n<meta property=\"og:site_name\" content=\"Bolvadin Sevgisi\" \/>\n<meta property=\"og:image\" content=\"http:\/\/bolvadinsevgisi.com\/wp-content\/uploads\/2020\/01\/Bolvadinin-Temel-Ta\u015flar\u0131_.jpg\" \/>\n<meta name=\"twitter:card\" content=\"summary_large_image\" \/>\n<meta name=\"twitter:label1\" content=\"Written by\">\n\t<meta name=\"twitter:data1\" content=\"N. Sait EK\u0130C\u0130\">\n\t<meta name=\"twitter:label2\" content=\"Tahmini okuma s\u00fcresi\">\n\t<meta name=\"twitter:data2\" content=\"11 dakika\">\n<script type=\"application\/ld+json\" class=\"yoast-schema-graph\">{\"@context\":\"https:\/\/schema.org\",\"@graph\":[{\"@type\":\"WebSite\",\"@id\":\"http:\/\/bolvadinsevgisi.com\/#website\",\"url\":\"http:\/\/bolvadinsevgisi.com\/\",\"name\":\"Bolvadin Sevgisi\",\"description\":\"Bolvadin Sevgisi | Bolvadin Tarihi, K\\u00fclt\\u00fcr\\u00fc, Foto\\u011fraflar\\u0131\",\"potentialAction\":[{\"@type\":\"SearchAction\",\"target\":\"http:\/\/bolvadinsevgisi.com\/?s={search_term_string}\",\"query-input\":\"required name=search_term_string\"}],\"inLanguage\":\"tr\"},{\"@type\":\"ImageObject\",\"@id\":\"http:\/\/bolvadinsevgisi.com\/?page_id=2809#primaryimage\",\"inLanguage\":\"tr\",\"url\":\"http:\/\/bolvadinsevgisi.com\/wp-content\/uploads\/2020\/01\/Bolvadinin-Temel-Ta\\u015flar\\u0131_.jpg\",\"width\":2159,\"height\":665,\"caption\":\"Bolvadin'in Temel Ta\\u015flar\\u0131\"},{\"@type\":\"WebPage\",\"@id\":\"http:\/\/bolvadinsevgisi.com\/?page_id=2809#webpage\",\"url\":\"http:\/\/bolvadinsevgisi.com\/?page_id=2809\",\"name\":\"RAMAZAN SOYASLAN - Bolvadin Sevgisi\",\"isPartOf\":{\"@id\":\"http:\/\/bolvadinsevgisi.com\/#website\"},\"primaryImageOfPage\":{\"@id\":\"http:\/\/bolvadinsevgisi.com\/?page_id=2809#primaryimage\"},\"datePublished\":\"2020-01-25T15:42:04+00:00\",\"dateModified\":\"2020-01-25T15:42:04+00:00\",\"description\":\"Bolvadin Sevgisi sitesi olarak Bolvadin'in tarihi, k\\u00fclt\\u00fcr\\u00fc, adetleri, gelenekleri, nostaljik foto\\u011fraflar\\u0131, gezilecek yerleri.. N Sait EK\\u0130C\\u0130\",\"inLanguage\":\"tr\",\"potentialAction\":[{\"@type\":\"ReadAction\",\"target\":[\"http:\/\/bolvadinsevgisi.com\/?page_id=2809\"]}]}]}<\/script>\n<!-- \/ Yoast SEO plugin. -->","_links":{"self":[{"href":"http:\/\/bolvadinsevgisi.com\/index.php?rest_route=\/wp\/v2\/pages\/2809"}],"collection":[{"href":"http:\/\/bolvadinsevgisi.com\/index.php?rest_route=\/wp\/v2\/pages"}],"about":[{"href":"http:\/\/bolvadinsevgisi.com\/index.php?rest_route=\/wp\/v2\/types\/page"}],"author":[{"embeddable":true,"href":"http:\/\/bolvadinsevgisi.com\/index.php?rest_route=\/wp\/v2\/users\/1"}],"replies":[{"embeddable":true,"href":"http:\/\/bolvadinsevgisi.com\/index.php?rest_route=%2Fwp%2Fv2%2Fcomments&post=2809"}],"version-history":[{"count":1,"href":"http:\/\/bolvadinsevgisi.com\/index.php?rest_route=\/wp\/v2\/pages\/2809\/revisions"}],"predecessor-version":[{"id":2811,"href":"http:\/\/bolvadinsevgisi.com\/index.php?rest_route=\/wp\/v2\/pages\/2809\/revisions\/2811"}],"wp:attachment":[{"href":"http:\/\/bolvadinsevgisi.com\/index.php?rest_route=%2Fwp%2Fv2%2Fmedia&parent=2809"}],"curies":[{"name":"wp","href":"https:\/\/api.w.org\/{rel}","templated":true}]}}